{"id":28,"date":"2023-02-11T18:31:29","date_gmt":"2023-02-11T18:31:29","guid":{"rendered":"https:\/\/perinnekorjaus.fi\/?page_id=28"},"modified":"2023-03-12T16:56:07","modified_gmt":"2023-03-12T16:56:07","slug":"projektit-kuvina","status":"publish","type":"page","link":"https:\/\/perinnekorjaus.fi\/index.php\/projektit-kuvina\/","title":{"rendered":"T\u00f6it\u00e4 kuvina"},"content":{"rendered":"\n<div class=\"wp-block-group is-layout-constrained wp-container-1\" style=\"border-style:none;border-width:0px;border-radius:0px;padding-top:var(--wp--preset--spacing--50);padding-right:var(--wp--preset--spacing--50);padding-bottom:var(--wp--preset--spacing--50);padding-left:var(--wp--preset--spacing--50)\">\n<p class=\"has-text-align-center\">Lis\u00e4\u00e4 kuvia l\u00f6yd\u00e4t <a rel=\"noreferrer noopener\" href=\"https:\/\/www.instagram.com\/perinnekorjaus\/\" target=\"_blank\">Instagram-profiilistani<\/a>.<\/p>\n\n\n\n<div style=\"height:33px\" aria-hidden=\"true\" class=\"wp-block-spacer\"><\/div>\n\n\n<ul class=\"wp-block-latest-posts__list has-dates has-author wp-block-latest-posts\"><li><div class=\"wp-block-latest-posts__featured-image alignleft\"><a href=\"https:\/\/perinnekorjaus.fi\/index.php\/2023\/03\/11\/tapetoinnilla-uutta-ilmetta-sisustukseen\/\" aria-label=\"Tapetoinnilla uutta ilmett\u00e4 sisustukseen\"><img width=\"150\" height=\"150\" src=\"https:\/\/perinnekorjaus.fi\/wp-content\/uploads\/2023\/03\/img_1565-3256_s793x0_q80_noupscale-150x150.jpg\" class=\"attachment-thumbnail size-thumbnail wp-post-image\" alt=\"\" decoding=\"async\" loading=\"lazy\" style=\"\" \/><\/a><\/div><a class=\"wp-block-latest-posts__post-title\" href=\"https:\/\/perinnekorjaus.fi\/index.php\/2023\/03\/11\/tapetoinnilla-uutta-ilmetta-sisustukseen\/\">Tapetoinnilla uutta ilmett\u00e4 sisustukseen<\/a><div class=\"wp-block-latest-posts__post-author\">kirjoittanut Ari Salminen<\/div><time datetime=\"2023-03-11T14:09:08+00:00\" class=\"wp-block-latest-posts__post-date\">11 maaliskuun, 2023<\/time><div class=\"wp-block-latest-posts__post-excerpt\">T\u00e4ss\u00e4 tapetointia tehtiin kerrostalossa vuokrattavana olevaan kohteeseen. Tapetoimalla huoneiston ilme raikastui ja on nyt vuokrattavana [&hellip;]<\/div><\/li>\n<li><div class=\"wp-block-latest-posts__featured-image alignleft\"><a href=\"https:\/\/perinnekorjaus.fi\/index.php\/2023\/03\/11\/keittioremontin-aika\/\" aria-label=\"Keitti\u00f6remontin aika?\"><img width=\"150\" height=\"150\" src=\"https:\/\/perinnekorjaus.fi\/wp-content\/uploads\/2023\/03\/aa7690d0-4c64-4dee-8516-4d5e83634be8_s793x0_q80_noupscale-150x150.jpg\" class=\"attachment-thumbnail size-thumbnail wp-post-image\" alt=\"\" decoding=\"async\" loading=\"lazy\" style=\"\" \/><\/a><\/div><a class=\"wp-block-latest-posts__post-title\" href=\"https:\/\/perinnekorjaus.fi\/index.php\/2023\/03\/11\/keittioremontin-aika\/\">Keitti\u00f6remontin aika?<\/a><div class=\"wp-block-latest-posts__post-author\">kirjoittanut Ari Salminen<\/div><time datetime=\"2023-03-11T14:03:18+00:00\" class=\"wp-block-latest-posts__post-date\">11 maaliskuun, 2023<\/time><div class=\"wp-block-latest-posts__post-excerpt\">Keitti\u00f6remontti on usein niit\u00e4 kodin isoimpia remontteja. Hyv\u00e4ll\u00e4 suunnittelulla ja ammattilaisen avulla hommasta\u00a0selvi\u00e4\u00e4 kuitenkin kohtuullisen [&hellip;]<\/div><\/li>\n<li><div class=\"wp-block-latest-posts__featured-image alignleft\"><a href=\"https:\/\/perinnekorjaus.fi\/index.php\/2023\/03\/11\/vanha-portaikko-uudistui\/\" aria-label=\"Vanha portaikko uudistui\"><img width=\"150\" height=\"150\" src=\"https:\/\/perinnekorjaus.fi\/wp-content\/uploads\/2023\/03\/d7f8d7fa-4538-4741-b3af-11c2bdc586d0_s793x0_q80_noupscale-150x150.jpg\" class=\"attachment-thumbnail size-thumbnail wp-post-image\" alt=\"\" decoding=\"async\" loading=\"lazy\" style=\"\" \/><\/a><\/div><a class=\"wp-block-latest-posts__post-title\" href=\"https:\/\/perinnekorjaus.fi\/index.php\/2023\/03\/11\/vanha-portaikko-uudistui\/\">Vanha portaikko uudistui<\/a><div class=\"wp-block-latest-posts__post-author\">kirjoittanut Ari Salminen<\/div><time datetime=\"2023-03-11T13:50:15+00:00\" class=\"wp-block-latest-posts__post-date\">11 maaliskuun, 2023<\/time><div class=\"wp-block-latest-posts__post-excerpt\">Vanha portaikkko yl\u00e4kertaan oli aika p\u00e4ivitt\u00e4\u00e4 70-luvulta t\u00e4h\u00e4n p\u00e4iv\u00e4\u00e4n. V\u00e4rityksen\u00e4 vihre\u00e4t&nbsp;ja keltaiset saivat v\u00e4isty\u00e4. Lis\u00e4ksi [&hellip;]<\/div><\/li>\n<li><div class=\"wp-block-latest-posts__featured-image alignleft\"><a href=\"https:\/\/perinnekorjaus.fi\/index.php\/2023\/03\/11\/vanhojen-piironkien-uudet-pinnat\/\" aria-label=\"Vanhojen piironkien uudet pinnat\"><img width=\"150\" height=\"150\" src=\"https:\/\/perinnekorjaus.fi\/wp-content\/uploads\/2023\/03\/img_1151-dhrzbxt606_s793x0_q80_noupscale-150x150.jpg\" class=\"attachment-thumbnail size-thumbnail wp-post-image\" alt=\"\" decoding=\"async\" loading=\"lazy\" style=\"\" \/><\/a><\/div><a class=\"wp-block-latest-posts__post-title\" href=\"https:\/\/perinnekorjaus.fi\/index.php\/2023\/03\/11\/vanhojen-piironkien-uudet-pinnat\/\">Vanhojen piironkien uudet pinnat<\/a><div class=\"wp-block-latest-posts__post-author\">kirjoittanut Ari Salminen<\/div><time datetime=\"2023-03-11T12:59:55+00:00\" class=\"wp-block-latest-posts__post-date\">11 maaliskuun, 2023<\/time><div class=\"wp-block-latest-posts__post-excerpt\">Vanhat lasin j\u00e4ljet pilaamassa piirongin tai lipaston pintaa? Tai onko kaunis lipasto saanut aikojen saatossa [&hellip;]<\/div><\/li>\n<li><div class=\"wp-block-latest-posts__featured-image alignleft\"><a href=\"https:\/\/perinnekorjaus.fi\/index.php\/2023\/03\/05\/wc-tilojen-saneerauksia\/\" aria-label=\"WC-tilojen saneerauksia\"><img width=\"150\" height=\"150\" src=\"https:\/\/perinnekorjaus.fi\/wp-content\/uploads\/2023\/03\/img_3287_s793x0_q80_noupscale-150x150.jpg\" class=\"attachment-thumbnail size-thumbnail wp-post-image\" alt=\"\" decoding=\"async\" loading=\"lazy\" style=\"\" \/><\/a><\/div><a class=\"wp-block-latest-posts__post-title\" href=\"https:\/\/perinnekorjaus.fi\/index.php\/2023\/03\/05\/wc-tilojen-saneerauksia\/\">WC-tilojen saneerauksia<\/a><div class=\"wp-block-latest-posts__post-author\">kirjoittanut Ari Salminen<\/div><time datetime=\"2023-03-05T16:41:45+00:00\" class=\"wp-block-latest-posts__post-date\">5 maaliskuun, 2023<\/time><div class=\"wp-block-latest-posts__post-excerpt\">N\u00e4iss\u00e4 kohteissa lattial\u00e4mmitysasennusta, kaakelointia, tapetointia, maalausta sek\u00e4 kalusteasennuksia. T\u00e4ss\u00e4 kuvia useammasta eri kohteesta.&nbsp;<\/div><\/li>\n<li><div class=\"wp-block-latest-posts__featured-image alignleft\"><a href=\"https:\/\/perinnekorjaus.fi\/index.php\/2023\/03\/05\/tapetointia-liiketiloissa\/\" aria-label=\"Tapetointia liiketiloissa\"><img width=\"150\" height=\"150\" src=\"https:\/\/perinnekorjaus.fi\/wp-content\/uploads\/2023\/03\/img_3416_s793x0_q80_noupscale-150x150.jpg\" class=\"attachment-thumbnail size-thumbnail wp-post-image\" alt=\"\" decoding=\"async\" loading=\"lazy\" style=\"\" \/><\/a><\/div><a class=\"wp-block-latest-posts__post-title\" href=\"https:\/\/perinnekorjaus.fi\/index.php\/2023\/03\/05\/tapetointia-liiketiloissa\/\">Tapetointia liiketiloissa<\/a><div class=\"wp-block-latest-posts__post-author\">kirjoittanut Ari Salminen<\/div><time datetime=\"2023-03-05T16:35:34+00:00\" class=\"wp-block-latest-posts__post-date\">5 maaliskuun, 2023<\/time><div class=\"wp-block-latest-posts__post-excerpt\">Vanhan Rauman syd\u00e4mess\u00e4&nbsp;tehtiin pintojen uusiminen&nbsp;Wanhan Rauman Hautauspalvelu Oy:n&nbsp;liiketiloihin.&nbsp; Maailmanperint\u00f6kohteessa\u00a0remontoitaessa tapetoinnissa\u00a0suositellaan k\u00e4ytett\u00e4v\u00e4ksi perinteisesti paperitapetteja.\u00a0<\/div><\/li>\n<li><div class=\"wp-block-latest-posts__featured-image alignleft\"><a href=\"https:\/\/perinnekorjaus.fi\/index.php\/2023\/03\/05\/paljuterassi-saunan-yhteyteen\/\" aria-label=\"Paljuterassi saunan yhteyteen\"><img width=\"150\" height=\"150\" src=\"https:\/\/perinnekorjaus.fi\/wp-content\/uploads\/2023\/03\/img_1258-2217_s793x0_q80_noupscale-150x150.jpg\" class=\"attachment-thumbnail size-thumbnail wp-post-image\" alt=\"\" decoding=\"async\" loading=\"lazy\" style=\"\" \/><\/a><\/div><a class=\"wp-block-latest-posts__post-title\" href=\"https:\/\/perinnekorjaus.fi\/index.php\/2023\/03\/05\/paljuterassi-saunan-yhteyteen\/\">Paljuterassi saunan yhteyteen<\/a><div class=\"wp-block-latest-posts__post-author\">kirjoittanut Ari Salminen<\/div><time datetime=\"2023-03-05T16:29:01+00:00\" class=\"wp-block-latest-posts__post-date\">5 maaliskuun, 2023<\/time><div class=\"wp-block-latest-posts__post-excerpt\">M\u00f6kill\u00e4 saunominen on sit\u00e4 mukavinta puuhaa. Kun yht\u00e4l\u00f6\u00f6n lis\u00e4\u00e4 viel\u00e4 paljun voi kyseist\u00e4 hommaa&nbsp;jatkaa tuntitolkulla. [&hellip;]<\/div><\/li>\n<li><div class=\"wp-block-latest-posts__featured-image alignleft\"><a href=\"https:\/\/perinnekorjaus.fi\/index.php\/2019\/12\/30\/testiartikkeli\/\" aria-label=\"Seinien ja katon pinkopahvitus\"><img width=\"150\" height=\"150\" src=\"https:\/\/perinnekorjaus.fi\/wp-content\/uploads\/2023\/03\/pinkopahvitusta-d23c6528-89ba-4ca4-a50f-2895130c4e98_s1800x0_q80_noupscale-1-150x150.jpg\" class=\"attachment-thumbnail size-thumbnail wp-post-image\" alt=\"\" decoding=\"async\" loading=\"lazy\" style=\"\" \/><\/a><\/div><a class=\"wp-block-latest-posts__post-title\" href=\"https:\/\/perinnekorjaus.fi\/index.php\/2019\/12\/30\/testiartikkeli\/\">Seinien ja katon pinkopahvitus<\/a><div class=\"wp-block-latest-posts__post-author\">kirjoittanut Ari Salminen<\/div><time datetime=\"2019-12-30T13:33:00+00:00\" class=\"wp-block-latest-posts__post-date\">30 joulukuun, 2019<\/time><div class=\"wp-block-latest-posts__post-excerpt\">T\u00e4ss\u00e4 muutamia kuvia kohteesta, jossa vanhaan taloon tehtiin t\u00e4ydellinen remontti. Minun osuuteni t\u00e4ss\u00e4 projektissa oli [&hellip;]<\/div><\/li>\n<li><div class=\"wp-block-latest-posts__featured-image alignleft\"><a href=\"https:\/\/perinnekorjaus.fi\/index.php\/2019\/02\/26\/lankkupoytia-koivusta\/\" aria-label=\"Lankkup\u00f6yti\u00e4 koivusta\"><img width=\"150\" height=\"150\" src=\"https:\/\/perinnekorjaus.fi\/wp-content\/uploads\/2023\/03\/img_0052-766bd763-4706-49be-bd42-67fd755a96ac_s1800x0_q80_noupscale-1-150x150.jpg\" class=\"attachment-thumbnail size-thumbnail wp-post-image\" alt=\"\" decoding=\"async\" loading=\"lazy\" style=\"\" \/><\/a><\/div><a class=\"wp-block-latest-posts__post-title\" href=\"https:\/\/perinnekorjaus.fi\/index.php\/2019\/02\/26\/lankkupoytia-koivusta\/\">Lankkup\u00f6yti\u00e4 koivusta<\/a><div class=\"wp-block-latest-posts__post-author\">kirjoittanut Ari Salminen<\/div><time datetime=\"2019-02-26T16:23:00+00:00\" class=\"wp-block-latest-posts__post-date\">26 helmikuun, 2019<\/time><div class=\"wp-block-latest-posts__post-excerpt\">Lapsuuden kotipaikan Haapasaaren koivuista sahatuista lankuista syntyi&nbsp;pari tukevaa p\u00f6yt\u00e4\u00e4.<\/div><\/li>\n<li><div class=\"wp-block-latest-posts__featured-image alignleft\"><a href=\"https:\/\/perinnekorjaus.fi\/index.php\/2018\/02\/26\/loylyhuoneen-paneelien-ja-lauteiden-uusinta\/\" aria-label=\"L\u00f6ylyhuoneen paneelien ja lauteiden uusinta\"><img width=\"150\" height=\"150\" src=\"https:\/\/perinnekorjaus.fi\/wp-content\/uploads\/2023\/03\/39a1623c-4fd9-408c-9b66-708167d747e2-lugd0g8cum_s793x0_q80_noupscale-e1678544250846-150x150.jpg\" class=\"attachment-thumbnail size-thumbnail wp-post-image\" alt=\"\" decoding=\"async\" loading=\"lazy\" style=\"\" \/><\/a><\/div><a class=\"wp-block-latest-posts__post-title\" href=\"https:\/\/perinnekorjaus.fi\/index.php\/2018\/02\/26\/loylyhuoneen-paneelien-ja-lauteiden-uusinta\/\">L\u00f6ylyhuoneen paneelien ja lauteiden uusinta<\/a><div class=\"wp-block-latest-posts__post-author\">kirjoittanut Ari Salminen<\/div><time datetime=\"2018-02-26T14:15:00+00:00\" class=\"wp-block-latest-posts__post-date\">26 helmikuun, 2018<\/time><div class=\"wp-block-latest-posts__post-excerpt\">T\u00e4ss\u00e4 kuvasarjassa on esitelty saunan l\u00f6ylyhuoneen pintojen uusinta. Vanhat lauteet ja paneelit poistettiin, seinien tuuletusv\u00e4lej\u00e4 [&hellip;]<\/div><\/li>\n<\/ul><\/div>\n\n\n\n<div class=\"wp-block-query is-layout-flow\"><\/div>\n","protected":false},"excerpt":{"rendered":"<p>Lis\u00e4\u00e4 kuvia l\u00f6yd\u00e4t Instagram-profiilistani.<\/p>\n","protected":false},"author":1,"featured_media":0,"parent":0,"menu_order":0,"comment_status":"closed","ping_status":"closed","template":"","meta":[],"_links":{"self":[{"href":"https:\/\/perinnekorjaus.fi\/index.php\/wp-json\/wp\/v2\/pages\/28"}],"collection":[{"href":"https:\/\/perinnekorjaus.fi\/index.php\/wp-json\/wp\/v2\/pages"}],"about":[{"href":"https:\/\/perinnekorjaus.fi\/index.php\/wp-json\/wp\/v2\/types\/page"}],"author":[{"embeddable":true,"href":"https:\/\/perinnekorjaus.fi\/index.php\/wp-json\/wp\/v2\/users\/1"}],"replies":[{"embeddable":true,"href":"https:\/\/perinnekorjaus.fi\/index.php\/wp-json\/wp\/v2\/comments?post=28"}],"version-history":[{"count":37,"href":"https:\/\/perinnekorjaus.fi\/index.php\/wp-json\/wp\/v2\/pages\/28\/revisions"}],"predecessor-version":[{"id":293,"href":"https:\/\/perinnekorjaus.fi\/index.php\/wp-json\/wp\/v2\/pages\/28\/revisions\/293"}],"wp:attachment":[{"href":"https:\/\/perinnekorjaus.fi\/index.php\/wp-json\/wp\/v2\/media?parent=28"}],"curies":[{"name":"wp","href":"https:\/\/api.w.org\/{rel}","templated":true}]}}